{"id":207,"date":"2020-07-20T17:10:00","date_gmt":"2020-07-20T17:10:00","guid":{"rendered":"http:\/\/fraternidadedos12raios.com.br\/?page_id=207"},"modified":"2022-09-05T10:19:31","modified_gmt":"2022-09-05T13:19:31","slug":"oracao-da-cura-ancestral","status":"publish","type":"page","link":"http:\/\/fraternidadedos12raios.com.br\/?page_id=207","title":{"rendered":"Ora\u00e7\u00e3o da Cura Ancestral"},"content":{"rendered":"\n<p class=\"has-small-font-size\"><em>Fonte: Pamela Souza &#8211; Escola de Benzimento Florescer Bento<\/em><\/p>\n\n\n\n<p><\/p>\n\n\n\n<p>&#8220;Neste momento sagrado, pe\u00e7o-lhe, Divino Criador, que toque na primeira mulher da minha linhagem feminina para que ela se livre de todas as dores f\u00edsicas, emocionais, mentais e espirituais que contraiu aqui na Terra.<\/p>\n\n\n\n<p>Pe\u00e7o-lhe que toque seu cora\u00e7\u00e3o, livrando-a de todo sentimento de revolta, de todas as limita\u00e7\u00f5es sofridas pelas dores que enfrentou e a liberte para uma vida plena, fazendo com que cada passo seja dado na dire\u00e7\u00e3o da gratid\u00e3o e da emana\u00e7\u00e3o de cura para todas as suas descendentes aqui na Terra, como em todos os c\u00edrculos espirituais em todas as dimens\u00f5es.<\/p>\n\n\n\n<p>Que a energia de cura liberada por essa primeira mulher, irradie luz necess\u00e1ria a cada uma de n\u00f3s, suas descendentes, curando nossas dores e facilitando nossa caminhada Divina onde quer que estejamos em vida.<\/p>\n\n\n\n<p>Que essa cura alcance voc\u00ea, minha m\u00e3e, que hoje vive uma nova vida, numa consci\u00eancia livre de aprisionamento terreno, e pelo amor que nos une na eternidade agora, que essa cura seja irradiada at\u00e9 meu corpo f\u00edsico, meu corpo mental, meu corpo emocional e meu corpo espiritual, livrando-me de todas as limita\u00e7\u00f5es que inconscientemente eu atra\u00ed e que agora, entendo, n\u00e3o necessito ret\u00ea-las mais em mim.<\/p>\n\n\n\n<p>Sinto imensa gratid\u00e3o por me livrar da autopuni\u00e7\u00e3o \u00e0 qual me submeti.<\/p>\n\n\n\n<p>Honro voc\u00ea minha m\u00e3e, honro voc\u00eas todas, mulheres que me antecederam e que neste momento sentem a Presen\u00e7a Divina se manifestando e libertando-as para a plenitude da vida em todas as suas manifesta\u00e7\u00f5es.<\/p>\n\n\n\n<p>Neste momento eu sinto a presen\u00e7a Divina se manifestando em mim, libertando-me para a plenitude da vida em todas as suas manifesta\u00e7\u00f5es.&#8221;<\/p>\n\n\n\n<p>&#8220;A minha Espiritualidade me Nutre, mas \u00e9 a minha Ancestralidade que me Sustenta&#8221;<\/p>\n\n\n\n<p>Gratid\u00e3o sempre Gratid\u00e3o.<\/p>\n\n\n\n<p><a href=\"http:\/\/fraternidadedos12raios.com.br\/?page_id=16\">Voltar para Dicas<\/a><\/p>\n","protected":false},"excerpt":{"rendered":"<p>Fonte: Pamela Souza &#8211; Escola de Benzimento Florescer Bento &#8220;Neste momento sagrado, pe\u00e7o-lhe, Divino Criador, que toque na primeira mulher da minha linhagem feminina para que ela se livre de todas as dores f\u00edsicas, emocionais, mentais e espirituais que contraiu aqui na Terra. Pe\u00e7o-lhe que toque seu cora\u00e7\u00e3o, livrando-a de todo sentimento de revolta, de &hellip; <\/p>\n<p class=\"link-more\"><a href=\"http:\/\/fraternidadedos12raios.com.br\/?page_id=207\" class=\"more-link\">Continue lendo<span class=\"screen-reader-text\"> &#8220;Ora\u00e7\u00e3o da Cura Ancestral&#8221;<\/span><\/a><\/p>\n","protected":false},"author":1,"featured_media":0,"parent":0,"menu_order":0,"comment_status":"closed","ping_status":"closed","template":"","meta":[],"_links":{"self":[{"href":"http:\/\/fraternidadedos12raios.com.br\/index.php?rest_route=\/wp\/v2\/pages\/207"}],"collection":[{"href":"http:\/\/fraternidadedos12raios.com.br\/index.php?rest_route=\/wp\/v2\/pages"}],"about":[{"href":"http:\/\/fraternidadedos12raios.com.br\/index.php?rest_route=\/wp\/v2\/types\/page"}],"author":[{"embeddable":true,"href":"http:\/\/fraternidadedos12raios.com.br\/index.php?rest_route=\/wp\/v2\/users\/1"}],"replies":[{"embeddable":true,"href":"http:\/\/fraternidadedos12raios.com.br\/index.php?rest_route=%2Fwp%2Fv2%2Fcomments&post=207"}],"version-history":[{"count":5,"href":"http:\/\/fraternidadedos12raios.com.br\/index.php?rest_route=\/wp\/v2\/pages\/207\/revisions"}],"predecessor-version":[{"id":628,"href":"http:\/\/fraternidadedos12raios.com.br\/index.php?rest_route=\/wp\/v2\/pages\/207\/revisions\/628"}],"wp:attachment":[{"href":"http:\/\/fraternidadedos12raios.com.br\/index.php?rest_route=%2Fwp%2Fv2%2Fmedia&parent=207"}],"curies":[{"name":"wp","href":"https:\/\/api.w.org\/{rel}","templated":true}]}}